{"id":3277,"date":"2022-10-15T18:40:11","date_gmt":"2022-10-15T18:40:11","guid":{"rendered":"https:\/\/roadtoromania.com\/cidades-e-regioes-da-romenia\/bucharest\/praca-da-revolucao-em-bucareste\/"},"modified":"2022-10-21T16:57:47","modified_gmt":"2022-10-21T16:57:47","slug":"praca-da-revolucao-em-bucareste","status":"publish","type":"page","link":"https:\/\/roadtoromania.com\/pt-pt\/cidades-e-regioes-da-romenia\/bucharest\/praca-da-revolucao-em-bucareste\/","title":{"rendered":"Pra\u00e7a da Revolu\u00e7\u00e3o em Bucareste"},"content":{"rendered":"<p> <strong>Revolution Square<\/strong> in <strong><a href=\"https:\/\/roadtoromania.com\/pt-pt\/cidades-e-regioes-da-romenia\/bucharest\/\">Bucareste<\/a> <\/strong> \u00e9 muito mais do que um belo espa\u00e7o ao ar livre em Bucareste. Em Dezembro de 1989, o regime de <strong>ditador Ceau\u0219escu<\/strong> chegou a um fim abrupto ap\u00f3s o massacre de civis em protestos na cidade de <a href=\"https:\/\/roadtoromania.com\/pt-pt\/monumentos-da-romenia-o-que-ver-na-romenia\/castelo-de-rasnov\/\"> <strong>Timisoara<\/strong><\/a> .<\/p>\n<p>\nDepois de muitos anos de dificuldades econ\u00f3micas e de censura, confrontado com o desperd\u00edcio e a sumptuosidade das obras fara\u00f3nicas de Ceau\u0219escu como o Pal\u00e1cio do Parlamento, a Rom\u00e9nia libertou-se das grilhetas e abra\u00e7ou a democracia.<\/p>\n<p><img decoding=\"async\" src=\"https:\/\/roadtoromania.com\/wp-content\/uploads\/2022\/10\/palacio_presidencial_bucarest.jpg\" \/>O Pal\u00e1cio Presidencial de Ceacescu da Pra\u00e7a da Revolu\u00e7\u00e3o<\/p>\n<h2>\nHist\u00f3ria da Pra\u00e7a da Revolu\u00e7\u00e3o<\/h2>\n<p>Os acontecimentos que levaram \u00e0 queda do Ceau\u0219escu foram precipitados a 21 de Dezembro, durante o discurso do l\u00edder a partir da varanda do Pal\u00e1cio Presidencial.\u00a0Nesse dia, o ditador e a sua mulher, cujas ambi\u00e7\u00f5es pol\u00edticas apontavam para ela como a culpada por detr\u00e1s da m\u00e3o pesada do regime, deixaram o Pal\u00e1cio Presidencial de helic\u00f3ptero, face aos protestos que se fizeram ouvir abaixo deles e tentaram invadir o edif\u00edcio. No seu voo para uma sa\u00edda da Rom\u00e9nia foram apanhados em poucas horas, e nos dias seguintes foram sumariamente julgados e executados na cidade de <a href=\"https:\/\/roadtoromania.com\/pt-pt\/cidades-e-regioes-da-romenia\/targoviste-tirgoviste\/\"> <strong>Targoviste<\/strong><\/a> .<\/p>\n<p>\nA pra\u00e7a em frente ao pal\u00e1cio presidencial, onde o povo romeno tinha acompanhado tantas vezes os discursos do Ceau\u0219escu com fervor ou submiss\u00e3o, foi renomeada Pra\u00e7a da Revolu\u00e7\u00e3o.<\/p>\n<p>\nEm redor da pra\u00e7a est\u00e1 o j\u00e1 mencionado edif\u00edcio do antigo Pal\u00e1cio Presidencial &#8211; hoje Senado e sede de v\u00e1rios minist\u00e9rios &#8211; a biblioteca da Universidade de Bucareste, a Igreja de Kretzulescu, o Museu de Arte romeno, o luxuoso Hotel Ath\u00e9n\u00e9e Palace, ou o Memorial da Renascen\u00e7a no centro da pra\u00e7a. E n\u00e3o muito longe o <a href=\"https:\/\/roadtoromania.com\/pt-pt\/cidades-e-regioes-da-romenia\/bucharest\/ateneu-romeno-em-bucareste\/\"> <strong>Ateneu romeno<\/strong><\/a> <\/p>\n<p>.<\/p>\n<p>\nO memorial  \u00e9 um enorme obelisco em comemora\u00e7\u00e3o dos mortos durante aqueles \u00faltimos dias da repress\u00e3o da ditadura, com os nomes das v\u00edtimas que morreram \u00e0s m\u00e3os de franco-atiradores e do Securitate, o sinistro bra\u00e7o policial de Ceausescu, o auto-intitulado &#8220;Condutor&#8221;, &#8220;Guia&#8221; da Rom\u00e9nia.<\/p>\n<p><img decoding=\"async\" src=\"https:\/\/roadtoromania.com\/wp-content\/uploads\/2022\/10\/memorial_plaza_revolucion_bucarest.jpg\" \/>Memorial \u00e0s V\u00edtimas da Pra\u00e7a da Revolu\u00e7\u00e3o<\/p>\n<p>\n\u00a0<\/p>\n<p>\nO que pode ser visto na Plaza de la Revoluci\u00f3n<\/p>\n<\/p>\n<p>\nA pe\u00e7a central da pra\u00e7a \u00e9 o grande Monumento do Ex\u00e9rcito romeno, que homenageia as centenas de milhares de soldados que morreram em combate durante a Primeira Guerra Mundial, a Segunda Guerra Mundial e a Revolu\u00e7\u00e3o romena de 1989. O monumento \u00e9 guardado por dois le\u00f5es de pedra, que s\u00e3o r\u00e9plicas dos que se encontram nos port\u00f5es de entrada do vizinho Pal\u00e1cio do Parlamento. A pra\u00e7a est\u00e1 rodeada por v\u00e1rios edif\u00edcios importantes, incluindo o Museu Nacional de Arte, o Museu Militar e o Ateneu romeno (uma institui\u00e7\u00e3o cultural inspirada na Biblioteca Brit\u00e2nica). A pra\u00e7a \u00e9 tamb\u00e9m o lar de um pequeno parque, onde as pessoas podem relaxar ou sentar-se \u00e0 sombra das \u00e1rvores.<\/p>\n<h2>\nComo chegar \u00e0 Pra\u00e7a da Revolu\u00e7\u00e3o em Bucareste<\/h2>\n<p>\nDe metro: A esta\u00e7\u00e3o de metro mais pr\u00f3xima da pra\u00e7a \u00e9 &#8220;Piata Romana&#8221;. De el\u00e9ctrico: A esta\u00e7\u00e3o de el\u00e9ctrico mais pr\u00f3xima \u00e9 a &#8220;Piata Romana&#8221;. De autocarro: A esta\u00e7\u00e3o rodovi\u00e1ria mais pr\u00f3xima \u00e9 a &#8220;Piata Romana&#8221;.<\/p>\n<p> Mapa da Pra\u00e7a da Revolu\u00e7\u00e3o<\/strong> <\/p>\n","protected":false},"excerpt":{"rendered":"<p>Revolution Square in Bucareste \u00e9 muito mais do que um belo espa\u00e7o ao ar livre em Bucareste. Em Dezembro de 1989, o regime de ditador Ceau\u0219escu chegou a um fim abrupto ap\u00f3s o massacre de civis em protestos na cidade de Timisoara . Depois de muitos anos de dificuldades econ\u00f3micas e de censura, confrontado com &hellip;<\/p>\n<p class=\"read-more\"> <a class=\"\" href=\"https:\/\/roadtoromania.com\/pt-pt\/cidades-e-regioes-da-romenia\/bucharest\/praca-da-revolucao-em-bucareste\/\"> <span class=\"screen-reader-text\">Pra\u00e7a da Revolu\u00e7\u00e3o em Bucareste<\/span> Read More \u00bb<\/a><\/p>\n","protected":false},"author":1,"featured_media":1186,"parent":3273,"menu_order":0,"comment_status":"open","ping_status":"open","template":"","meta":{"site-sidebar-layout":"default","site-content-layout":"default","ast-global-header-display":"","ast-main-header-display":"","ast-hfb-above-header-display":"","ast-hfb-below-header-display":"","ast-hfb-mobile-header-display":"","site-post-title":"","ast-breadcrumbs-content":"","ast-featured-img":"","footer-sml-layout":"","theme-transparent-header-meta":"","adv-header-id-meta":"","stick-header-meta":"","header-above-stick-meta":"","header-main-stick-meta":"","header-below-stick-meta":"","footnotes":""},"class_list":["post-3277","page","type-page","status-publish","has-post-thumbnail","hentry"],"yoast_head":"<!-- This site is optimized with the Yoast SEO plugin v19.10 - https:\/\/yoast.com\/wordpress\/plugins\/seo\/ -->\n<title>Pra\u00e7a da Revolu\u00e7\u00e3o em Bucareste - Road to Romania<\/title>\n<meta name=\"robots\" content=\"index, follow, max-snippet:-1, max-image-preview:large, max-video-preview:-1\" \/>\n<link rel=\"canonical\" href=\"https:\/\/roadtoromania.com\/pt-pt\/cidades-e-regioes-da-romenia\/bucharest\/praca-da-revolucao-em-bucareste\/\" \/>\n<meta property=\"og:locale\" content=\"pt_PT\" \/>\n<meta property=\"og:type\" content=\"article\" \/>\n<meta property=\"og:title\" content=\"Pra\u00e7a da Revolu\u00e7\u00e3o em Bucareste - Road to Romania\" \/>\n<meta property=\"og:description\" content=\"Revolution Square in Bucareste \u00e9 muito mais do que um belo espa\u00e7o ao ar livre em Bucareste. Em Dezembro de 1989, o regime de ditador Ceau\u0219escu chegou a um fim abrupto ap\u00f3s o massacre de civis em protestos na cidade de Timisoara . Depois de muitos anos de dificuldades econ\u00f3micas e de censura, confrontado com &hellip; Pra\u00e7a da Revolu\u00e7\u00e3o em Bucareste Read More \u00bb\" \/>\n<meta property=\"og:url\" content=\"https:\/\/roadtoromania.com\/pt-pt\/cidades-e-regioes-da-romenia\/bucharest\/praca-da-revolucao-em-bucareste\/\" \/>\n<meta property=\"og:site_name\" content=\"Road to Romania\" \/>\n<meta property=\"article:modified_time\" content=\"2022-10-21T16:57:47+00:00\" \/>\n<meta property=\"og:image\" content=\"https:\/\/roadtoromania.com\/wp-content\/uploads\/2022\/10\/palacio_presidencial_bucarest-1.jpg\" \/>\n\t<meta property=\"og:image:width\" content=\"700\" \/>\n\t<meta property=\"og:image:height\" content=\"508\" \/>\n\t<meta property=\"og:image:type\" content=\"image\/jpeg\" \/>\n<meta name=\"twitter:card\" content=\"summary_large_image\" \/>\n<meta name=\"twitter:label1\" content=\"Tempo estimado de leitura\" \/>\n\t<meta name=\"twitter:data1\" content=\"3 minutos\" \/>\n<script type=\"application\/ld+json\" class=\"yoast-schema-graph\">{\"@context\":\"https:\/\/schema.org\",\"@graph\":[{\"@type\":\"WebPage\",\"@id\":\"https:\/\/roadtoromania.com\/pt-pt\/cidades-e-regioes-da-romenia\/bucharest\/praca-da-revolucao-em-bucareste\/\",\"url\":\"https:\/\/roadtoromania.com\/pt-pt\/cidades-e-regioes-da-romenia\/bucharest\/praca-da-revolucao-em-bucareste\/\",\"name\":\"Pra\u00e7a da Revolu\u00e7\u00e3o em Bucareste - Road to Romania\",\"isPartOf\":{\"@id\":\"https:\/\/roadtoromania.com\/pt-pt\/#website\"},\"datePublished\":\"2022-10-15T18:40:11+00:00\",\"dateModified\":\"2022-10-21T16:57:47+00:00\",\"breadcrumb\":{\"@id\":\"https:\/\/roadtoromania.com\/pt-pt\/cidades-e-regioes-da-romenia\/bucharest\/praca-da-revolucao-em-bucareste\/#breadcrumb\"},\"inLanguage\":\"pt-PT\",\"potentialAction\":[{\"@type\":\"ReadAction\",\"target\":[\"https:\/\/roadtoromania.com\/pt-pt\/cidades-e-regioes-da-romenia\/bucharest\/praca-da-revolucao-em-bucareste\/\"]}]},{\"@type\":\"BreadcrumbList\",\"@id\":\"https:\/\/roadtoromania.com\/pt-pt\/cidades-e-regioes-da-romenia\/bucharest\/praca-da-revolucao-em-bucareste\/#breadcrumb\",\"itemListElement\":[{\"@type\":\"ListItem\",\"position\":1,\"name\":\"Home\",\"item\":\"https:\/\/roadtoromania.com\/pt-pt\/\"},{\"@type\":\"ListItem\",\"position\":2,\"name\":\"Cidades e regi\u00f5es da Rom\u00e9nia\",\"item\":\"https:\/\/roadtoromania.com\/pt-pt\/cidades-e-regioes-da-romenia\/\"},{\"@type\":\"ListItem\",\"position\":3,\"name\":\"bucharest\",\"item\":\"https:\/\/roadtoromania.com\/pt-pt\/cidades-e-regioes-da-romenia\/bucharest\/\"},{\"@type\":\"ListItem\",\"position\":4,\"name\":\"Pra\u00e7a da Revolu\u00e7\u00e3o em Bucareste\"}]},{\"@type\":\"WebSite\",\"@id\":\"https:\/\/roadtoromania.com\/pt-pt\/#website\",\"url\":\"https:\/\/roadtoromania.com\/pt-pt\/\",\"name\":\"Road to Romania\",\"description\":\"O blog onde encontrar\u00e1 toda a informa\u00e7\u00e3o de que necessita para desfrutar da Rom\u00e9nia.\",\"potentialAction\":[{\"@type\":\"SearchAction\",\"target\":{\"@type\":\"EntryPoint\",\"urlTemplate\":\"https:\/\/roadtoromania.com\/pt-pt\/?s={search_term_string}\"},\"query-input\":\"required name=search_term_string\"}],\"inLanguage\":\"pt-PT\"}]}<\/script>\n<!-- \/ Yoast SEO plugin. -->","yoast_head_json":{"title":"Pra\u00e7a da Revolu\u00e7\u00e3o em Bucareste - Road to Romania","robots":{"index":"index","follow":"follow","max-snippet":"max-snippet:-1","max-image-preview":"max-image-preview:large","max-video-preview":"max-video-preview:-1"},"canonical":"https:\/\/roadtoromania.com\/pt-pt\/cidades-e-regioes-da-romenia\/bucharest\/praca-da-revolucao-em-bucareste\/","og_locale":"pt_PT","og_type":"article","og_title":"Pra\u00e7a da Revolu\u00e7\u00e3o em Bucareste - Road to Romania","og_description":"Revolution Square in Bucareste \u00e9 muito mais do que um belo espa\u00e7o ao ar livre em Bucareste. Em Dezembro de 1989, o regime de ditador Ceau\u0219escu chegou a um fim abrupto ap\u00f3s o massacre de civis em protestos na cidade de Timisoara . Depois de muitos anos de dificuldades econ\u00f3micas e de censura, confrontado com &hellip; Pra\u00e7a da Revolu\u00e7\u00e3o em Bucareste Read More \u00bb","og_url":"https:\/\/roadtoromania.com\/pt-pt\/cidades-e-regioes-da-romenia\/bucharest\/praca-da-revolucao-em-bucareste\/","og_site_name":"Road to Romania","article_modified_time":"2022-10-21T16:57:47+00:00","og_image":[{"width":700,"height":508,"url":"https:\/\/roadtoromania.com\/wp-content\/uploads\/2022\/10\/palacio_presidencial_bucarest-1.jpg","type":"image\/jpeg"}],"twitter_card":"summary_large_image","twitter_misc":{"Tempo estimado de leitura":"3 minutos"},"schema":{"@context":"https:\/\/schema.org","@graph":[{"@type":"WebPage","@id":"https:\/\/roadtoromania.com\/pt-pt\/cidades-e-regioes-da-romenia\/bucharest\/praca-da-revolucao-em-bucareste\/","url":"https:\/\/roadtoromania.com\/pt-pt\/cidades-e-regioes-da-romenia\/bucharest\/praca-da-revolucao-em-bucareste\/","name":"Pra\u00e7a da Revolu\u00e7\u00e3o em Bucareste - Road to Romania","isPartOf":{"@id":"https:\/\/roadtoromania.com\/pt-pt\/#website"},"datePublished":"2022-10-15T18:40:11+00:00","dateModified":"2022-10-21T16:57:47+00:00","breadcrumb":{"@id":"https:\/\/roadtoromania.com\/pt-pt\/cidades-e-regioes-da-romenia\/bucharest\/praca-da-revolucao-em-bucareste\/#breadcrumb"},"inLanguage":"pt-PT","potentialAction":[{"@type":"ReadAction","target":["https:\/\/roadtoromania.com\/pt-pt\/cidades-e-regioes-da-romenia\/bucharest\/praca-da-revolucao-em-bucareste\/"]}]},{"@type":"BreadcrumbList","@id":"https:\/\/roadtoromania.com\/pt-pt\/cidades-e-regioes-da-romenia\/bucharest\/praca-da-revolucao-em-bucareste\/#breadcrumb","itemListElement":[{"@type":"ListItem","position":1,"name":"Home","item":"https:\/\/roadtoromania.com\/pt-pt\/"},{"@type":"ListItem","position":2,"name":"Cidades e regi\u00f5es da Rom\u00e9nia","item":"https:\/\/roadtoromania.com\/pt-pt\/cidades-e-regioes-da-romenia\/"},{"@type":"ListItem","position":3,"name":"bucharest","item":"https:\/\/roadtoromania.com\/pt-pt\/cidades-e-regioes-da-romenia\/bucharest\/"},{"@type":"ListItem","position":4,"name":"Pra\u00e7a da Revolu\u00e7\u00e3o em Bucareste"}]},{"@type":"WebSite","@id":"https:\/\/roadtoromania.com\/pt-pt\/#website","url":"https:\/\/roadtoromania.com\/pt-pt\/","name":"Road to Romania","description":"O blog onde encontrar\u00e1 toda a informa\u00e7\u00e3o de que necessita para desfrutar da Rom\u00e9nia.","potentialAction":[{"@type":"SearchAction","target":{"@type":"EntryPoint","urlTemplate":"https:\/\/roadtoromania.com\/pt-pt\/?s={search_term_string}"},"query-input":"required name=search_term_string"}],"inLanguage":"pt-PT"}]}},"_links":{"self":[{"href":"https:\/\/roadtoromania.com\/pt-pt\/wp-json\/wp\/v2\/pages\/3277","targetHints":{"allow":["GET"]}}],"collection":[{"href":"https:\/\/roadtoromania.com\/pt-pt\/wp-json\/wp\/v2\/pages"}],"about":[{"href":"https:\/\/roadtoromania.com\/pt-pt\/wp-json\/wp\/v2\/types\/page"}],"author":[{"embeddable":true,"href":"https:\/\/roadtoromania.com\/pt-pt\/wp-json\/wp\/v2\/users\/1"}],"replies":[{"embeddable":true,"href":"https:\/\/roadtoromania.com\/pt-pt\/wp-json\/wp\/v2\/comments?post=3277"}],"version-history":[{"count":0,"href":"https:\/\/roadtoromania.com\/pt-pt\/wp-json\/wp\/v2\/pages\/3277\/revisions"}],"up":[{"embeddable":true,"href":"https:\/\/roadtoromania.com\/pt-pt\/wp-json\/wp\/v2\/pages\/3273"}],"wp:featuredmedia":[{"embeddable":true,"href":"https:\/\/roadtoromania.com\/pt-pt\/wp-json\/wp\/v2\/media\/1186"}],"wp:attachment":[{"href":"https:\/\/roadtoromania.com\/pt-pt\/wp-json\/wp\/v2\/media?parent=3277"}],"curies":[{"name":"wp","href":"https:\/\/api.w.org\/{rel}","templated":true}]}}